{"id":2998,"date":"2025-09-23T16:35:10","date_gmt":"2025-09-23T16:35:10","guid":{"rendered":"https:\/\/xn--kemenesmagasiltalnosiskola-hfce.hu\/?page_id=2998"},"modified":"2025-09-23T16:35:10","modified_gmt":"2025-09-23T16:35:10","slug":"1-osztaly-5","status":"publish","type":"page","link":"https:\/\/xn--kemenesmagasiltalnosiskola-hfce.hu\/index.php\/1-osztaly-5\/","title":{"rendered":"1. oszt\u00e1ly"},"content":{"rendered":"<h5 style=\"text-align: center;\">Oszt\u00e1lyf\u0151n\u00f6k: Veszpr\u00e9mi Zsuzsanna<\/h5>\n<h5 style=\"text-align: center;\">Napk\u00f6zis csoportvezet\u0151: Cs\u00e1sz\u00e1rn\u00e9 Szalai Andrea<\/h5>\n<h6 style=\"text-align: center;\">Berki Lara Amanda<\/h6>\n<h5 style=\"text-align: center;\"><span style=\"font-size: 1.0625rem;\">Boros Mil\u00e1n&nbsp;<\/span><\/h5>\n<div class=\"col-xs-8 col-sm-8\">\n<div class=\"whiteDiv\"><span style=\"font-size: 1.0625rem;\">Cs\u00f3k Marcell<\/span><\/div>\n<div>&nbsp;<\/div>\n<div class=\"whiteDiv\"><span style=\"font-size: 1.0625rem;\">Cs<\/span><span style=\"font-size: 1.0625rem;\">uk\u00e1rdi Levente Raul&nbsp;<\/span><\/div>\n<\/div>\n<div class=\"col-xs-8 col-sm-8\">\n<div class=\"whiteDiv\"><span style=\"font-size: 1.0625rem;\">Deme Krist\u00f3f<\/span><\/div>\n<div>&nbsp;<\/div>\n<div class=\"whiteDiv\"><span style=\"font-size: 1.0625rem;\">Erhoffer Szanna Fatima&nbsp;<\/span><\/div>\n<\/div>\n<div class=\"col-xs-8 col-sm-8\">\n<div class=\"whiteDiv\"><span style=\"font-size: 1.0625rem;\">Gy\u00f6rgy Barbara&nbsp;<\/span><\/div>\n<\/div>\n<div class=\"col-xs-8 col-sm-8\">\n<h5 class=\"whiteDiv\"><span style=\"font-size: 1.0625rem;\">Gy\u00f6rgy Szid\u00f3nia<\/span><\/h5>\n<\/div>\n<div class=\"col-xs-8 col-sm-8\">\n<h5 class=\"whiteDiv\"><span style=\"font-size: 1.0625rem;\">Horv\u00e1th \u00c1lmos&nbsp;<\/span><\/h5>\n<\/div>\n<div class=\"col-xs-8 col-sm-8\">\n<div class=\"whiteDiv\"><span style=\"font-size: 1.0625rem;\">Horv\u00e1th Maja Titanilla&nbsp;<\/span><\/div>\n<\/div>\n<div class=\"col-xs-8 col-sm-8\">\n<div class=\"whiteDiv\"><span style=\"font-size: 1.0625rem;\">Hump\u00f3k Gerg\u0151&nbsp;<\/span><\/div>\n<\/div>\n<div class=\"col-xs-8 col-sm-8\">\n<div class=\"whiteDiv\"><span style=\"font-size: 1.0625rem;\">Jakab M\u00e1t\u00e9 Levente <\/span><\/div>\n<div>&nbsp;<\/div>\n<div class=\"whiteDiv\"><span style=\"font-size: 1.0625rem;\">M\u00e9<\/span><span style=\"font-size: 1.0625rem;\">sz\u00e1ros Rebeka <\/span><\/div>\n<div>&nbsp;<\/div>\n<div class=\"whiteDiv\"><span style=\"font-size: 1.0625rem;\">Moln\u00e1r Fl\u00f3ri\u00e1n Ferenc<\/span><\/div>\n<div>&nbsp;<\/div>\n<div class=\"whiteDiv\"><span style=\"font-size: 1.0625rem;\">M\u00fcller G\u00e1bor J\u00f3zsef<\/span><\/div>\n<\/div>\n<div class=\"col-xs-8 col-sm-8\">\n<h5 class=\"whiteDiv\" style=\"text-align: center;\"><span style=\"font-size: 1.0625rem;\">Nagykutasi R\u00e9ka <\/span><\/h5>\n<h5 class=\"whiteDiv\" style=\"text-align: center;\"><span style=\"font-size: 1.0625rem;\">N\u00e9meth Zs\u00f3fia Laura <\/span><\/h5>\n<h5 class=\"whiteDiv\" style=\"text-align: center;\"><span style=\"font-size: 1.0625rem;\">Piri \u00c1kos <\/span><\/h5>\n<h5 class=\"whiteDiv\" style=\"text-align: center;\"><span style=\"font-size: 1.0625rem;\">Traxler Zente<\/span><\/h5>\n<\/div>\n","protected":false},"excerpt":{"rendered":"<p>Oszt\u00e1lyf\u0151n\u00f6k: Veszpr\u00e9mi Zsuzsanna Napk\u00f6zis csoportvezet\u0151: Cs\u00e1sz\u00e1rn\u00e9 Szalai Andrea Berki Lara Amanda Boros Mil\u00e1n&nbsp; Cs\u00f3k Marcell &nbsp; Csuk\u00e1rdi Levente Raul&nbsp; Deme Krist\u00f3f &nbsp; Erhoffer Szanna Fatima&nbsp; Gy\u00f6rgy Barbara&nbsp; Gy\u00f6rgy Szid\u00f3nia Horv\u00e1th \u00c1lmos&nbsp; Horv\u00e1th Maja Titanilla&nbsp; Hump\u00f3k Gerg\u0151&nbsp; Jakab M\u00e1t\u00e9 Levente &nbsp; M\u00e9sz\u00e1ros Rebeka &nbsp; Moln\u00e1r Fl\u00f3ri\u00e1n Ferenc &nbsp; M\u00fcller G\u00e1bor J\u00f3zsef Nagykutasi R\u00e9ka N\u00e9meth Zs\u00f3fia Laura&#8230;<\/p>\n<p class=\"more-link-wrap\"><a href=\"https:\/\/xn--kemenesmagasiltalnosiskola-hfce.hu\/index.php\/1-osztaly-5\/\" class=\"more-link\">Tov\u00e1bb<span class=\"screen-reader-text\"> &ldquo;1. oszt\u00e1ly&rdquo;<\/span> &raquo;<\/a><\/p>\n","protected":false},"author":1,"featured_media":0,"parent":0,"menu_order":0,"comment_status":"closed","ping_status":"closed","template":"","meta":{"ngg_post_thumbnail":0,"footnotes":""},"class_list":["post-2998","page","type-page","status-publish","hentry"],"_links":{"self":[{"href":"https:\/\/xn--kemenesmagasiltalnosiskola-hfce.hu\/index.php\/wp-json\/wp\/v2\/pages\/2998","targetHints":{"allow":["GET"]}}],"collection":[{"href":"https:\/\/xn--kemenesmagasiltalnosiskola-hfce.hu\/index.php\/wp-json\/wp\/v2\/pages"}],"about":[{"href":"https:\/\/xn--kemenesmagasiltalnosiskola-hfce.hu\/index.php\/wp-json\/wp\/v2\/types\/page"}],"author":[{"embeddable":true,"href":"https:\/\/xn--kemenesmagasiltalnosiskola-hfce.hu\/index.php\/wp-json\/wp\/v2\/users\/1"}],"replies":[{"embeddable":true,"href":"https:\/\/xn--kemenesmagasiltalnosiskola-hfce.hu\/index.php\/wp-json\/wp\/v2\/comments?post=2998"}],"version-history":[{"count":1,"href":"https:\/\/xn--kemenesmagasiltalnosiskola-hfce.hu\/index.php\/wp-json\/wp\/v2\/pages\/2998\/revisions"}],"predecessor-version":[{"id":3000,"href":"https:\/\/xn--kemenesmagasiltalnosiskola-hfce.hu\/index.php\/wp-json\/wp\/v2\/pages\/2998\/revisions\/3000"}],"wp:attachment":[{"href":"https:\/\/xn--kemenesmagasiltalnosiskola-hfce.hu\/index.php\/wp-json\/wp\/v2\/media?parent=2998"}],"curies":[{"name":"wp","href":"https:\/\/api.w.org\/{rel}","templated":true}]}}